{"id":58423,"date":"2022-03-29T13:17:48","date_gmt":"2022-03-29T13:17:48","guid":{"rendered":"https:\/\/labottega.sviluppokeyweb.com\/prodotto\/affettatrice-berkel-modello-7\/"},"modified":"2022-09-01T09:12:06","modified_gmt":"2022-09-01T09:12:06","slug":"trancheuse-berkel-modele-7-noir-rouge-pour-collectionneurs","status":"publish","type":"product","link":"https:\/\/www.labottega-delrestauro.com\/fr\/trancheuse-berkel-modele-7-noir-rouge-pour-collectionneurs\/","title":{"rendered":"Trancheuse Berkel &#8211; Mod\u00e8le 7"},"content":{"rendered":"","protected":false},"excerpt":{"rendered":"<div class=\"woocommerce-product-details__short-description\">\n<p>Construit entre 1925 et 1928, ce mod\u00e8le est une <strong>version l\u00e9g\u00e8rement modifi\u00e9e du mod\u00e8le 5<\/strong>, qui \u00e9tait \u00e9galement assembl\u00e9 en <strong>Italie<\/strong>, d&rsquo;abord dans l&rsquo;usine BREVETTI VAN BERKEL ITALIA \u00e0 Chiavenna, puis dans la Via Filippino Lippi \u00e0 Milan.<\/p>\n<p>La <strong>machine<\/strong>, dont le chariot glisse sur l&rsquo;axe, a un mouvement \u00e0 <strong>volant de type ferm\u00e9<\/strong> et le chariot sup\u00e9rieur porte la vis sans fin avec le <strong>syst\u00e8me \u00e0 cliquet<\/strong> pour l&rsquo;entra\u00eener contre <strong>l'\u00a0\u00bbhorloge\u00a0\u00bb de r\u00e9glage de l&rsquo;\u00e9paisseur<\/strong>.<\/p>\n<p>Le changement important se situe au <strong>niveau de la plaque sup\u00e9rieure<\/strong> du chariot, qui est sur\u00e9lev\u00e9e par rapport au volant d&rsquo;inertie. Dans les mod\u00e8les pr\u00e9c\u00e9dents, il \u00e9tait plus bas et avec un produit en saillie touch\u00e9 pendant le fonctionnement.<\/p>\n<p>La <strong>pince<\/strong> permettant de fixer le produit \u00e0 deux colonnes (avant et arri\u00e8re) est <strong>\u00e0<\/strong> <strong>coulissement rapide<\/strong>.<\/p>\n<p>C&rsquo;est dans ce mod\u00e8le que <strong>Berkel pr\u00e9sente le bras \u00ab\u00a0ouvert\u00a0\u00bb<\/strong>, fix\u00e9 \u00e0 l&rsquo;arri\u00e8re par deux plots, ouvert \u00e0 l&rsquo;avant et avec un acc\u00e8s libre pour les produits volumineux.<\/p>\n<p>Le <strong>taille-crayon<\/strong> est un mod\u00e8le classique, recouvert d&rsquo;un \u00ab\u00a0<strong>capuchon<\/strong>\u00a0\u00bb sur le dessus et d&rsquo;un <strong>masque<\/strong> frontal.<\/p>\n<p>La <strong>lame<\/strong>, d&rsquo;un diam\u00e8tre de 370 mm, est mont\u00e9e sur <strong>l&rsquo;\u00e9paulement en forme d&rsquo;arc <\/strong>avec un \u00e9pais plateau en verre opalin blanc.<\/p>\n<p>Demandez un <strong>devis<\/strong> pour le <strong>Berkel mod\u00e8le 7<\/strong>, le trancheur pour tout type de collectionneur int\u00e9ress\u00e9 par des <strong>pi\u00e8ces restaur\u00e9es de mani\u00e8re professionnelle <\/strong>et <strong>fid\u00e8le aux originaux<\/strong>. <strong>Contactez<\/strong> le personnel de <strong>La Bottega del Restauro<\/strong> pour plus d&rsquo;informations : nous exp\u00e9dions au niveau <strong>national<\/strong> et <strong>international<\/strong>.<\/p>\n<\/div>\n<p>&nbsp;<\/p>\n<p>&nbsp;<\/p>\n<div class=\"woocommerce-product-details__short-description\">\n<h2>Professionnels du secteur<\/h2>\n<\/div>\n<p>Les <strong>trancheuses vintage<\/strong> sont des instruments de coupe \u00e0 la main dot\u00e9s de <strong>caract\u00e9ristiques techniques<\/strong> fascinantes et diff\u00e9rentes. Le <strong>mod\u00e8le 7<\/strong>, en particulier, \u00e9tait produit en <strong>rouge<\/strong> et en <strong>noir<\/strong>. Notre personnel travaille \u00e0 la <strong>restauration minutieuse de ces machines<\/strong>, leur redonnant leur <strong>aspect<\/strong> et leur <strong>fonctionnalit\u00e9 originale<\/strong>.<\/p>\n<p>Pour une <strong>pi\u00e8ce pr\u00e9cieuse et unique<\/strong> telle que la trancheuse <strong>Berkel mod\u00e8le 7<\/strong>, <strong>La Bottega del Restauro<\/strong> et son personnel sont disponibles pour toutes les <strong>informations suppl\u00e9mentaires et une estimation gratuite<\/strong>.<\/p>\n","protected":false},"featured_media":57058,"template":"","meta":{"_et_pb_use_builder":"","_et_pb_old_content":"","_et_gb_content_width":""},"product_cat":[366],"product_tag":[],"class_list":{"0":"post-58423","1":"product","2":"type-product","3":"status-publish","4":"has-post-thumbnail","6":"product_cat-recuperation-de-modeles-antiques-berkel-trancheuses-antiques-europeens-production","7":"pa_lama-370-fr","8":"pa_larghezza-840-fr","9":"pa_periodo-1925-1930-fr","10":"pa_peso-33-fr","11":"pa_profondita-34-fr","12":"pa_volano-plat-avec-lettrage-en-relief","14":"first","15":"instock","16":"product-type-simple"},"yoast_head":"<!-- This site is optimized with the Yoast SEO plugin v23.6 - https:\/\/yoast.com\/wordpress\/plugins\/seo\/ -->\n<title>Machine \u00e0 trancheuse Berkel mod\u00e8le 7 \u2013 Volant d&#039;inertie avec horloge de r\u00e9glage d\u2018\u00e9paisseur pr\u00e9r\u00e9gl\u00e9<\/title>\n<meta name=\"description\" content=\"Nous restaurons et fournissons la machine \u00e0 trancher Berkel mod\u00e8le 7 aussi bien en couleur rouge que noire : demandez un prix et contactez-nous pour d\u00e9couvrir ses caract\u00e9ristiques.\" \/>\n<meta name=\"robots\" content=\"index, follow, max-snippet:-1, max-image-preview:large, max-video-preview:-1\" \/>\n<link rel=\"canonical\" href=\"https:\/\/www.labottega-delrestauro.com\/fr\/trancheuse-berkel-modele-7-noir-rouge-pour-collectionneurs\/\" \/>\n<meta property=\"og:locale\" content=\"fr_FR\" \/>\n<meta property=\"og:type\" content=\"article\" \/>\n<meta property=\"og:title\" content=\"Machine \u00e0 trancheuse Berkel mod\u00e8le 7 \u2013 Volant d&#039;inertie avec horloge de r\u00e9glage d\u2018\u00e9paisseur pr\u00e9r\u00e9gl\u00e9\" \/>\n<meta property=\"og:description\" content=\"Nous restaurons et fournissons la machine \u00e0 trancher Berkel mod\u00e8le 7 aussi bien en couleur rouge que noire : demandez un prix et contactez-nous pour d\u00e9couvrir ses caract\u00e9ristiques.\" \/>\n<meta property=\"og:url\" content=\"https:\/\/www.labottega-delrestauro.com\/fr\/trancheuse-berkel-modele-7-noir-rouge-pour-collectionneurs\/\" \/>\n<meta property=\"og:site_name\" content=\"La Bottega del Restauro\" \/>\n<meta property=\"article:modified_time\" content=\"2022-09-01T09:12:06+00:00\" \/>\n<meta property=\"og:image\" content=\"https:\/\/www.labottega-delrestauro.com\/wp-content\/uploads\/2022\/03\/affettatrice-berkel-modello-7.jpg\" \/>\n\t<meta property=\"og:image:width\" content=\"1000\" \/>\n\t<meta property=\"og:image:height\" content=\"1500\" \/>\n\t<meta property=\"og:image:type\" content=\"image\/jpeg\" \/>\n<meta name=\"twitter:card\" content=\"summary_large_image\" \/>\n<script type=\"application\/ld+json\" class=\"yoast-schema-graph\">{\"@context\":\"https:\/\/schema.org\",\"@graph\":[{\"@type\":\"WebPage\",\"@id\":\"https:\/\/www.labottega-delrestauro.com\/fr\/trancheuse-berkel-modele-7-noir-rouge-pour-collectionneurs\/\",\"url\":\"https:\/\/www.labottega-delrestauro.com\/fr\/trancheuse-berkel-modele-7-noir-rouge-pour-collectionneurs\/\",\"name\":\"Machine \u00e0 trancheuse Berkel mod\u00e8le 7 \u2013 Volant d'inertie avec horloge de r\u00e9glage d\u2018\u00e9paisseur pr\u00e9r\u00e9gl\u00e9\",\"isPartOf\":{\"@id\":\"https:\/\/www.labottega-delrestauro.com\/fr\/#website\"},\"primaryImageOfPage\":{\"@id\":\"https:\/\/www.labottega-delrestauro.com\/fr\/trancheuse-berkel-modele-7-noir-rouge-pour-collectionneurs\/#primaryimage\"},\"image\":{\"@id\":\"https:\/\/www.labottega-delrestauro.com\/fr\/trancheuse-berkel-modele-7-noir-rouge-pour-collectionneurs\/#primaryimage\"},\"thumbnailUrl\":\"https:\/\/www.labottega-delrestauro.com\/wp-content\/uploads\/2022\/03\/affettatrice-berkel-modello-7.jpg\",\"datePublished\":\"2022-03-29T13:17:48+00:00\",\"dateModified\":\"2022-09-01T09:12:06+00:00\",\"description\":\"Nous restaurons et fournissons la machine \u00e0 trancher Berkel mod\u00e8le 7 aussi bien en couleur rouge que noire : demandez un prix et contactez-nous pour d\u00e9couvrir ses caract\u00e9ristiques.\",\"breadcrumb\":{\"@id\":\"https:\/\/www.labottega-delrestauro.com\/fr\/trancheuse-berkel-modele-7-noir-rouge-pour-collectionneurs\/#breadcrumb\"},\"inLanguage\":\"fr-FR\",\"potentialAction\":[{\"@type\":\"ReadAction\",\"target\":[\"https:\/\/www.labottega-delrestauro.com\/fr\/trancheuse-berkel-modele-7-noir-rouge-pour-collectionneurs\/\"]}]},{\"@type\":\"ImageObject\",\"inLanguage\":\"fr-FR\",\"@id\":\"https:\/\/www.labottega-delrestauro.com\/fr\/trancheuse-berkel-modele-7-noir-rouge-pour-collectionneurs\/#primaryimage\",\"url\":\"https:\/\/www.labottega-delrestauro.com\/wp-content\/uploads\/2022\/03\/affettatrice-berkel-modello-7.jpg\",\"contentUrl\":\"https:\/\/www.labottega-delrestauro.com\/wp-content\/uploads\/2022\/03\/affettatrice-berkel-modello-7.jpg\",\"width\":1000,\"height\":1500},{\"@type\":\"BreadcrumbList\",\"@id\":\"https:\/\/www.labottega-delrestauro.com\/fr\/trancheuse-berkel-modele-7-noir-rouge-pour-collectionneurs\/#breadcrumb\",\"itemListElement\":[{\"@type\":\"ListItem\",\"position\":1,\"name\":\"Home\",\"item\":\"https:\/\/www.labottega-delrestauro.com\/fr\/\"},{\"@type\":\"ListItem\",\"position\":2,\"name\":\"Shop\",\"item\":\"https:\/\/www.labottega-delrestauro.com\/fr\/negozio\/\"},{\"@type\":\"ListItem\",\"position\":3,\"name\":\"Trancheuse Berkel &#8211; Mod\u00e8le 7\"}]},{\"@type\":\"WebSite\",\"@id\":\"https:\/\/www.labottega-delrestauro.com\/fr\/#website\",\"url\":\"https:\/\/www.labottega-delrestauro.com\/fr\/\",\"name\":\"La Bottega del Restauro\",\"description\":\"Restauro macchine Berkel\",\"potentialAction\":[{\"@type\":\"SearchAction\",\"target\":{\"@type\":\"EntryPoint\",\"urlTemplate\":\"https:\/\/www.labottega-delrestauro.com\/fr\/?s={search_term_string}\"},\"query-input\":{\"@type\":\"PropertyValueSpecification\",\"valueRequired\":true,\"valueName\":\"search_term_string\"}}],\"inLanguage\":\"fr-FR\"}]}<\/script>\n<!-- \/ Yoast SEO plugin. -->","yoast_head_json":{"title":"Machine \u00e0 trancheuse Berkel mod\u00e8le 7 \u2013 Volant d'inertie avec horloge de r\u00e9glage d\u2018\u00e9paisseur pr\u00e9r\u00e9gl\u00e9","description":"Nous restaurons et fournissons la machine \u00e0 trancher Berkel mod\u00e8le 7 aussi bien en couleur rouge que noire : demandez un prix et contactez-nous pour d\u00e9couvrir ses caract\u00e9ristiques.","robots":{"index":"index","follow":"follow","max-snippet":"max-snippet:-1","max-image-preview":"max-image-preview:large","max-video-preview":"max-video-preview:-1"},"canonical":"https:\/\/www.labottega-delrestauro.com\/fr\/trancheuse-berkel-modele-7-noir-rouge-pour-collectionneurs\/","og_locale":"fr_FR","og_type":"article","og_title":"Machine \u00e0 trancheuse Berkel mod\u00e8le 7 \u2013 Volant d'inertie avec horloge de r\u00e9glage d\u2018\u00e9paisseur pr\u00e9r\u00e9gl\u00e9","og_description":"Nous restaurons et fournissons la machine \u00e0 trancher Berkel mod\u00e8le 7 aussi bien en couleur rouge que noire : demandez un prix et contactez-nous pour d\u00e9couvrir ses caract\u00e9ristiques.","og_url":"https:\/\/www.labottega-delrestauro.com\/fr\/trancheuse-berkel-modele-7-noir-rouge-pour-collectionneurs\/","og_site_name":"La Bottega del Restauro","article_modified_time":"2022-09-01T09:12:06+00:00","og_image":[{"width":1000,"height":1500,"url":"https:\/\/www.labottega-delrestauro.com\/wp-content\/uploads\/2022\/03\/affettatrice-berkel-modello-7.jpg","type":"image\/jpeg"}],"twitter_card":"summary_large_image","schema":{"@context":"https:\/\/schema.org","@graph":[{"@type":"WebPage","@id":"https:\/\/www.labottega-delrestauro.com\/fr\/trancheuse-berkel-modele-7-noir-rouge-pour-collectionneurs\/","url":"https:\/\/www.labottega-delrestauro.com\/fr\/trancheuse-berkel-modele-7-noir-rouge-pour-collectionneurs\/","name":"Machine \u00e0 trancheuse Berkel mod\u00e8le 7 \u2013 Volant d'inertie avec horloge de r\u00e9glage d\u2018\u00e9paisseur pr\u00e9r\u00e9gl\u00e9","isPartOf":{"@id":"https:\/\/www.labottega-delrestauro.com\/fr\/#website"},"primaryImageOfPage":{"@id":"https:\/\/www.labottega-delrestauro.com\/fr\/trancheuse-berkel-modele-7-noir-rouge-pour-collectionneurs\/#primaryimage"},"image":{"@id":"https:\/\/www.labottega-delrestauro.com\/fr\/trancheuse-berkel-modele-7-noir-rouge-pour-collectionneurs\/#primaryimage"},"thumbnailUrl":"https:\/\/www.labottega-delrestauro.com\/wp-content\/uploads\/2022\/03\/affettatrice-berkel-modello-7.jpg","datePublished":"2022-03-29T13:17:48+00:00","dateModified":"2022-09-01T09:12:06+00:00","description":"Nous restaurons et fournissons la machine \u00e0 trancher Berkel mod\u00e8le 7 aussi bien en couleur rouge que noire : demandez un prix et contactez-nous pour d\u00e9couvrir ses caract\u00e9ristiques.","breadcrumb":{"@id":"https:\/\/www.labottega-delrestauro.com\/fr\/trancheuse-berkel-modele-7-noir-rouge-pour-collectionneurs\/#breadcrumb"},"inLanguage":"fr-FR","potentialAction":[{"@type":"ReadAction","target":["https:\/\/www.labottega-delrestauro.com\/fr\/trancheuse-berkel-modele-7-noir-rouge-pour-collectionneurs\/"]}]},{"@type":"ImageObject","inLanguage":"fr-FR","@id":"https:\/\/www.labottega-delrestauro.com\/fr\/trancheuse-berkel-modele-7-noir-rouge-pour-collectionneurs\/#primaryimage","url":"https:\/\/www.labottega-delrestauro.com\/wp-content\/uploads\/2022\/03\/affettatrice-berkel-modello-7.jpg","contentUrl":"https:\/\/www.labottega-delrestauro.com\/wp-content\/uploads\/2022\/03\/affettatrice-berkel-modello-7.jpg","width":1000,"height":1500},{"@type":"BreadcrumbList","@id":"https:\/\/www.labottega-delrestauro.com\/fr\/trancheuse-berkel-modele-7-noir-rouge-pour-collectionneurs\/#breadcrumb","itemListElement":[{"@type":"ListItem","position":1,"name":"Home","item":"https:\/\/www.labottega-delrestauro.com\/fr\/"},{"@type":"ListItem","position":2,"name":"Shop","item":"https:\/\/www.labottega-delrestauro.com\/fr\/negozio\/"},{"@type":"ListItem","position":3,"name":"Trancheuse Berkel &#8211; Mod\u00e8le 7"}]},{"@type":"WebSite","@id":"https:\/\/www.labottega-delrestauro.com\/fr\/#website","url":"https:\/\/www.labottega-delrestauro.com\/fr\/","name":"La Bottega del Restauro","description":"Restauro macchine Berkel","potentialAction":[{"@type":"SearchAction","target":{"@type":"EntryPoint","urlTemplate":"https:\/\/www.labottega-delrestauro.com\/fr\/?s={search_term_string}"},"query-input":{"@type":"PropertyValueSpecification","valueRequired":true,"valueName":"search_term_string"}}],"inLanguage":"fr-FR"}]}},"_links":{"self":[{"href":"https:\/\/www.labottega-delrestauro.com\/fr\/wp-json\/wp\/v2\/product\/58423","targetHints":{"allow":["GET"]}}],"collection":[{"href":"https:\/\/www.labottega-delrestauro.com\/fr\/wp-json\/wp\/v2\/product"}],"about":[{"href":"https:\/\/www.labottega-delrestauro.com\/fr\/wp-json\/wp\/v2\/types\/product"}],"wp:featuredmedia":[{"embeddable":true,"href":"https:\/\/www.labottega-delrestauro.com\/fr\/wp-json\/wp\/v2\/media\/57058"}],"wp:attachment":[{"href":"https:\/\/www.labottega-delrestauro.com\/fr\/wp-json\/wp\/v2\/media?parent=58423"}],"wp:term":[{"taxonomy":"product_cat","embeddable":true,"href":"https:\/\/www.labottega-delrestauro.com\/fr\/wp-json\/wp\/v2\/product_cat?post=58423"},{"taxonomy":"product_tag","embeddable":true,"href":"https:\/\/www.labottega-delrestauro.com\/fr\/wp-json\/wp\/v2\/product_tag?post=58423"}],"curies":[{"name":"wp","href":"https:\/\/api.w.org\/{rel}","templated":true}]}}